{"id":163,"date":"2017-10-02T03:13:00","date_gmt":"2017-10-02T01:13:00","guid":{"rendered":"http:\/\/ajde-jano.pl\/?page_id=163"},"modified":"2017-10-03T02:05:16","modified_gmt":"2017-10-03T00:05:16","slug":"kontakt","status":"publish","type":"page","link":"https:\/\/ajde-jano.pl\/index.php\/kontakt\/","title":{"rendered":"KONTAKT"},"content":{"rendered":"<h4>W przypadku pyta\u0144,\u00a0 oraz propozycji ewentualnej wsp\u00f3\u0142pracy, prosimy wype\u0142ni\u0107 poni\u017cszy formularz.<\/h4>\n\n<div class=\"wpcf7 no-js\" id=\"wpcf7-f65-o1\" lang=\"pl-PL\" dir=\"ltr\">\n<div class=\"screen-reader-response\"><p role=\"status\" aria-live=\"polite\" aria-atomic=\"true\"><\/p> <ul><\/ul><\/div>\n<form action=\"\/index.php\/wp-json\/wp\/v2\/pages\/163#wpcf7-f65-o1\" method=\"post\" class=\"wpcf7-form init\" aria-label=\"Formularz kontaktowy\" novalidate=\"novalidate\" data-status=\"init\">\n<div style=\"display: none;\">\n<input type=\"hidden\" name=\"_wpcf7\" value=\"65\" \/>\n<input type=\"hidden\" name=\"_wpcf7_version\" value=\"5.9.4\" \/>\n<input type=\"hidden\" name=\"_wpcf7_locale\" value=\"pl_PL\" \/>\n<input type=\"hidden\" name=\"_wpcf7_unit_tag\" value=\"wpcf7-f65-o1\" \/>\n<input type=\"hidden\" name=\"_wpcf7_container_post\" value=\"0\" \/>\n<input type=\"hidden\" name=\"_wpcf7_posted_data_hash\" value=\"\" \/>\n<\/div>\n<p><label> Imi\u0119 i nazwisko (wymagane)<br \/>\n<span class=\"wpcf7-form-control-wrap\" data-name=\"your-name\"><input size=\"40\" class=\"wpcf7-form-control wpcf7-text wpcf7-validates-as-required\" aria-required=\"true\" aria-invalid=\"false\" value=\"\" type=\"text\" name=\"your-name\" \/><\/span> <\/label>\n<\/p>\n<p><label> Adres email (wymagane)<br \/>\n<span class=\"wpcf7-form-control-wrap\" data-name=\"your-email\"><input size=\"40\" class=\"wpcf7-form-control wpcf7-email wpcf7-validates-as-required wpcf7-text wpcf7-validates-as-email\" aria-required=\"true\" aria-invalid=\"false\" value=\"\" type=\"email\" name=\"your-email\" \/><\/span> <\/label>\n<\/p>\n<p><label> Temat<br \/>\n<span class=\"wpcf7-form-control-wrap\" data-name=\"your-subject\"><input size=\"40\" class=\"wpcf7-form-control wpcf7-text wpcf7-validates-as-required\" aria-required=\"true\" aria-invalid=\"false\" value=\"\" type=\"text\" name=\"your-subject\" \/><\/span> <\/label>\n<\/p>\n<p><label> Tre\u015b\u0107 wiadomo\u015bci<br \/>\n<span class=\"wpcf7-form-control-wrap\" data-name=\"your-message\"><textarea cols=\"40\" rows=\"10\" class=\"wpcf7-form-control wpcf7-textarea\" aria-invalid=\"false\" name=\"your-message\"><\/textarea><\/span> <\/label>\n<\/p>\n<p><label>(wymagane)<br \/>\n<span class=\"wpcf7-form-control-wrap\" data-name=\"quiz-95\"><label><span class=\"wpcf7-quiz-label\">Jaka jest stolica W\u0142och?<\/span> <input size=\"40\" class=\"wpcf7-form-control wpcf7-quiz\" autocomplete=\"off\" aria-required=\"true\" aria-invalid=\"false\" type=\"text\" name=\"quiz-95\" \/><\/label><input type=\"hidden\" name=\"_wpcf7_quiz_answer_quiz-95\" value=\"7b36740381211c7977570942b4eca2f5\" \/><\/span><br \/>\nKlauzula informacyjna RODO w zakresie przetwarzania danych osobowych Administratorem danych osobowych jest Stowarzyszenie mi\u0142o\u015bnik\u00f3w ta\u0144c\u00f3w w kr\u0119gu, ta\u0144c\u00f3w etnicznych oraz terapii ta\u0144cem Ajde Jano ,z siedziba w Bydgoszczy, wpisana do rejestru stowarzysze\u0144 innych organizacji spo\u0142ecznych i zawodowych, fundacji oraz publicznych zak\u0142ad\u00f3w opieki zdrowotnej pod nr KRS 0000413259, kt\u00f3rej akta rejestrowe przechowywane s\u0105 przez S\u0105d Rejonowy Bydgoszcz XIII Wydzia\u0142 Gospodarczy KRS, NIP 5542917737, REGON 341253790. Przekazane dane osobowe \/adres email. Imi\u0119 nazwisko, n-r telefonu\/ przetwarzane b\u0119d\u0105 w celu realizacji dzia\u0142a\u0144 statutowych oraz udzielania odpowiedzi na zg\u0142oszenia; Kategorie danych osobowych obejmuj\u0105 m.in. imi\u0119 i nazwisko, numer telefonu, adres e-mail, adres, dane dedykowane do procesu rejestracji cz\u0142onka stowarzyszenia Pani \/ Pana dane osobowe nie b\u0119d\u0105 przekazywane innym podmiotom przetwarzaj\u0105cym dane osobowe Pa\u0144stwa dane osobowe b\u0119d\u0105 przechowywane przez okres istnienia prawnie uzasadnionego interesu administratora, chyba \u017ce Pani \/ Pan wyrazi sprzeciw wobec przetwarzania danych; Pa\u0144stwa dane nie b\u0119d\u0105 przekazywane do pa\u0144stwa trzeciego ani organizacji mi\u0119dzynarodowej; Posiadaj\u0105 Pa\u0144stwo prawo dost\u0119pu do tre\u015bci swoich danych oraz prawo ich sprostowania, usuni\u0119cia, ograniczenia przetwarzania, prawo do przenoszenia danych, prawo wniesienia sprzeciwu, prawo do cofni\u0119cia zgody w dowolnym momencie bez wp\u0142ywu na zgodno\u015b\u0107 z prawem przetwarzania, kt\u00f3rego dokonano na podstawie zgody przed jej cofni\u0119ciem; Maj\u0105 Pa\u0144stwo prawo wniesienia skargi do organu nadzorczego zajmuj\u0105cego si\u0119 ochron\u0105 danych osobowych, kt\u00f3rym jest Prezes Urz\u0119du Ochrony Danych Osobowych, gdy uznaj\u0105 Pa\u0144stwo, i\u017c przetwarzanie Pa\u0144stwa danych osobowych narusza przepisy ustawy z dnia 10 maja 2018 r. o ochronie danych osobowych (tekst jednolity Dz. U. z 2018 r., poz. 1000) lub przepisy Rozporz\u0105dzenia Parlamentu Europejskiego i Rady (UE) 2016\/679 z dnia 27 kwietnia 2016 r. w sprawie ochrony os\u00f3b fizycznych w zwi\u0105zku z przetwarzaniem danych osobowych i w sprawie swobodnego przep\u0142ywu takich danych oraz uchylenia dyrektywy 95\/46\/WE (og\u00f3lne rozporz\u0105dzenie o ochronie danych) z dnia 27 kwietnia 2016 r. (Dz.Urz.UE.L Nr 119, str. 1); Dane pochodz\u0105 od os\u00f3b, kt\u00f3rych dane dotycz\u0105; Podanie przez Pa\u0144stwa danych osobowych jest dobrowolne;\"]<br \/>\n<input class=\"wpcf7-form-control wpcf7-submit has-spinner\" type=\"submit\" value=\"Wy\u015blij\" \/><\/label>\n<\/p><p style=\"display: none !important;\" class=\"akismet-fields-container\" data-prefix=\"_wpcf7_ak_\"><label>&#916;<textarea name=\"_wpcf7_ak_hp_textarea\" cols=\"45\" rows=\"8\" maxlength=\"100\"><\/textarea><\/label><input type=\"hidden\" id=\"ak_js_1\" name=\"_wpcf7_ak_js\" value=\"99\"\/><script type=\"text\/javascript\">\n\/* <![CDATA[ *\/\ndocument.getElementById( \"ak_js_1\" ).setAttribute( \"value\", ( new Date() ).getTime() );\n\/* ]]> *\/\n<\/script>\n<\/p><div class=\"wpcf7-response-output\" aria-hidden=\"true\"><\/div>\n<\/form>\n<\/div>\n\n","protected":false},"excerpt":{"rendered":"<p>W przypadku pyta\u0144,\u00a0 oraz propozycji ewentualnej wsp\u00f3\u0142pracy, prosimy wype\u0142ni\u0107 poni\u017cszy formularz.<\/p>\n","protected":false},"author":1,"featured_media":0,"parent":0,"menu_order":3,"comment_status":"closed","ping_status":"closed","template":"","meta":{"jetpack_post_was_ever_published":false,"two_page_speed":[],"footnotes":""},"class_list":["post-163","page","type-page","status-publish","hentry"],"jetpack_sharing_enabled":true,"jetpack_shortlink":"https:\/\/wp.me\/P9cktr-2D","_links":{"self":[{"href":"https:\/\/ajde-jano.pl\/index.php\/wp-json\/wp\/v2\/pages\/163","targetHints":{"allow":["GET"]}}],"collection":[{"href":"https:\/\/ajde-jano.pl\/index.php\/wp-json\/wp\/v2\/pages"}],"about":[{"href":"https:\/\/ajde-jano.pl\/index.php\/wp-json\/wp\/v2\/types\/page"}],"author":[{"embeddable":true,"href":"https:\/\/ajde-jano.pl\/index.php\/wp-json\/wp\/v2\/users\/1"}],"replies":[{"embeddable":true,"href":"https:\/\/ajde-jano.pl\/index.php\/wp-json\/wp\/v2\/comments?post=163"}],"version-history":[{"count":4,"href":"https:\/\/ajde-jano.pl\/index.php\/wp-json\/wp\/v2\/pages\/163\/revisions"}],"predecessor-version":[{"id":213,"href":"https:\/\/ajde-jano.pl\/index.php\/wp-json\/wp\/v2\/pages\/163\/revisions\/213"}],"wp:attachment":[{"href":"https:\/\/ajde-jano.pl\/index.php\/wp-json\/wp\/v2\/media?parent=163"}],"curies":[{"name":"wp","href":"https:\/\/api.w.org\/{rel}","templated":true}]}}